{"id":239,"date":"2022-12-15T19:22:02","date_gmt":"2022-12-15T18:22:02","guid":{"rendered":"https:\/\/emmanuelnet.com\/fr\/?post_type=project&#038;p=239"},"modified":"2022-12-16T18:26:07","modified_gmt":"2022-12-16T17:26:07","slug":"sair-de-cena","status":"publish","type":"project","link":"https:\/\/emmanuelnet.com\/fr\/project\/sair-de-cena\/","title":{"rendered":"SAIR DE CENA"},"content":{"rendered":"<p>[et_pb_section fb_built=\u00a0\u00bb1&Prime; _builder_version=\u00a0\u00bb4.19.2&Prime; _module_preset=\u00a0\u00bbdefault\u00a0\u00bb background_color=\u00a0\u00bb#f7f4f0&Prime; da_disable_devices=\u00a0\u00bboff|off|off\u00a0\u00bb global_colors_info=\u00a0\u00bb{}\u00a0\u00bb da_is_popup=\u00a0\u00bboff\u00a0\u00bb da_exit_intent=\u00a0\u00bboff\u00a0\u00bb da_has_close=\u00a0\u00bbon\u00a0\u00bb da_alt_close=\u00a0\u00bboff\u00a0\u00bb da_dark_close=\u00a0\u00bboff\u00a0\u00bb da_not_modal=\u00a0\u00bbon\u00a0\u00bb da_is_singular=\u00a0\u00bboff\u00a0\u00bb da_with_loader=\u00a0\u00bboff\u00a0\u00bb da_has_shadow=\u00a0\u00bbon\u00a0\u00bb][et_pb_row column_structure=\u00a0\u00bb1_2,1_2&Prime; _builder_version=\u00a0\u00bb4.19.2&Prime; _module_preset=\u00a0\u00bbdefault\u00a0\u00bb global_colors_info=\u00a0\u00bb{}\u00a0\u00bb][et_pb_column type=\u00a0\u00bb1_2&Prime; _builder_version=\u00a0\u00bb4.19.2&Prime; _module_preset=\u00a0\u00bbdefault\u00a0\u00bb global_colors_info=\u00a0\u00bb{}\u00a0\u00bb][et_pb_image src=\u00a0\u00bbhttps:\/\/emmanuelnet.com\/fr\/wp-content\/uploads\/sites\/2\/2022\/12\/sair-de-cena-cover-1.jpg\u00a0\u00bb alt=\u00a0\u00bbSair de cena-Emmanuel\u00a0\u00bb title_text=\u00a0\u00bbsair de cena cover\u00a0\u00bb align=\u00a0\u00bbcenter\u00a0\u00bb _builder_version=\u00a0\u00bb4.19.2&Prime; _module_preset=\u00a0\u00bbdefault\u00a0\u00bb width=\u00a0\u00bb100%\u00a0\u00bb max_width=\u00a0\u00bb100%\u00a0\u00bb height=\u00a0\u00bb438px\u00a0\u00bb global_colors_info=\u00a0\u00bb{}\u00a0\u00bb][\/et_pb_image][et_pb_button button_text=\u00a0\u00bbStreaming\u00a0\u00bb button_alignment=\u00a0\u00bbcenter\u00a0\u00bb _builder_version=\u00a0\u00bb4.19.2&Prime; _module_preset=\u00a0\u00bbdefault\u00a0\u00bb custom_button=\u00a0\u00bbon\u00a0\u00bb button_text_size=\u00a0\u00bb13px\u00a0\u00bb button_text_color=\u00a0\u00bb#000000&Prime; global_colors_info=\u00a0\u00bb{}\u00a0\u00bb][\/et_pb_button][et_pb_button button_url=\u00a0\u00bbhttps:\/\/emmanuelmusic.bandcamp.com\/track\/sair-de-cena\u00a0\u00bb button_text=\u00a0\u00bbT\u00e9l\u00e9charger gratuitement\u00a0\u00bb button_alignment=\u00a0\u00bbcenter\u00a0\u00bb _builder_version=\u00a0\u00bb4.19.2&Prime; _module_preset=\u00a0\u00bbdefault\u00a0\u00bb custom_button=\u00a0\u00bbon\u00a0\u00bb button_text_size=\u00a0\u00bb13px\u00a0\u00bb button_text_color=\u00a0\u00bb#000000&Prime; hover_enabled=\u00a0\u00bb0&Prime; global_colors_info=\u00a0\u00bb{}\u00a0\u00bb sticky_enabled=\u00a0\u00bb0&Prime;][\/et_pb_button][\/et_pb_column][et_pb_column type=\u00a0\u00bb1_2&Prime; _builder_version=\u00a0\u00bb4.19.2&Prime; _module_preset=\u00a0\u00bbdefault\u00a0\u00bb global_colors_info=\u00a0\u00bb{}\u00a0\u00bb][et_pb_text _builder_version=\u00a0\u00bb4.19.2&Prime; _module_preset=\u00a0\u00bbdefault\u00a0\u00bb global_colors_info=\u00a0\u00bb{}\u00a0\u00bb]<\/p>\n<h1 style=\"text-align: center;\">SAIR DE CENA<\/h1>\n<p style=\"text-align: center;\">2014<\/p>\n<p>[\/et_pb_text][et_pb_divider color=\u00a0\u00bb#000000&Prime; _builder_version=\u00a0\u00bb4.19.2&Prime; _module_preset=\u00a0\u00bbdefault\u00a0\u00bb global_colors_info=\u00a0\u00bb{}\u00a0\u00bb][\/et_pb_divider][et_pb_code _builder_version=\u00a0\u00bb4.19.2&Prime; _module_preset=\u00a0\u00bbdefault\u00a0\u00bb text_orientation=\u00a0\u00bbcenter\u00a0\u00bb global_colors_info=\u00a0\u00bb{}\u00a0\u00bb]<iframe style=\"border: 0; width: 100%; height: 120px;\" src=\"https:\/\/bandcamp.com\/EmbeddedPlayer\/track=3915624788\/size=large\/bgcol=ffffff\/linkcol=e99708\/tracklist=false\/artwork=none\/transparent=true\/\" seamless><a href=\"https:\/\/emmanuelmusic.bandcamp.com\/track\/sair-de-cena\">Sair de cena by Emmanuel<\/a><\/iframe>[\/et_pb_code][et_pb_text _builder_version=\u00a0\u00bb4.19.2&Prime; _module_preset=\u00a0\u00bbdefault\u00a0\u00bb global_colors_info=\u00a0\u00bb{}\u00a0\u00bb]<\/p>\n<p>Mixage : Kevin Paul<br \/>Mastering : Bob Macc \u00e0 Subvert Central Mastering<\/p>\n<p>[\/et_pb_text][\/et_pb_column][\/et_pb_row][et_pb_row _builder_version=\u00a0\u00bb4.19.2&Prime; _module_preset=\u00a0\u00bbdefault\u00a0\u00bb global_colors_info=\u00a0\u00bb{}\u00a0\u00bb][et_pb_column type=\u00a0\u00bb4_4&Prime; _builder_version=\u00a0\u00bb4.19.2&Prime; _module_preset=\u00a0\u00bbdefault\u00a0\u00bb global_colors_info=\u00a0\u00bb{}\u00a0\u00bb][et_pb_text _builder_version=\u00a0\u00bb4.19.2&Prime; _module_preset=\u00a0\u00bbdefault\u00a0\u00bb global_colors_info=\u00a0\u00bb{}\u00a0\u00bb]<\/p>\n<p style=\"margin-bottom: 0cm;\">Un grand merci \u00e0 Karin Ramette pour avoir \u00e9crit les paroles en Portugais br\u00e9silien\u00a0!<\/p>\n<p>[\/et_pb_text][\/et_pb_column][\/et_pb_row][et_pb_row _builder_version=\u00a0\u00bb4.19.2&Prime; _module_preset=\u00a0\u00bbdefault\u00a0\u00bb global_colors_info=\u00a0\u00bb{}\u00a0\u00bb][et_pb_column type=\u00a0\u00bb4_4&Prime; _builder_version=\u00a0\u00bb4.19.2&Prime; _module_preset=\u00a0\u00bbdefault\u00a0\u00bb global_colors_info=\u00a0\u00bb{}\u00a0\u00bb][et_pb_signup mailchimp_list=\u00a0\u00bbEmmanuel T|4d115cfc72&Prime; first_name_field=\u00a0\u00bboff\u00a0\u00bb last_name_field=\u00a0\u00bboff\u00a0\u00bb success_message=\u00a0\u00bbMerci ! Votre inscription a bien \u00e9t\u00e9 prise en compte.\u00a0\u00bb title=\u00a0\u00bbLettre d&rsquo;info\u00a0\u00bb button_text=\u00a0\u00bbS&rsquo;abonner\u00a0\u00bb description=\u00a0\u00bb<\/p>\n<p>Gardez un \u0153il et une oreille sur l&rsquo;actualit\u00e9 d&rsquo;Emmanuel.<\/p>\n<p>\u00a0\u00bb _builder_version=\u00a0\u00bb4.19.2&Prime; _module_preset=\u00a0\u00bbdefault\u00a0\u00bb background_color=\u00a0\u00bb#dbdbdb\u00a0\u00bb custom_button=\u00a0\u00bbon\u00a0\u00bb button_text_color=\u00a0\u00bb#000000&Prime; background_layout=\u00a0\u00bblight\u00a0\u00bb border_color_all=\u00a0\u00bb#0C71C3&Prime; border_style_all_fields=\u00a0\u00bbdotted\u00a0\u00bb global_module=\u00a0\u00bb132&Prime; global_colors_info=\u00a0\u00bb{}\u00a0\u00bb][\/et_pb_signup][\/et_pb_column][\/et_pb_row][\/et_pb_section][et_pb_section fb_built=\u00a0\u00bb1&Prime; admin_label=\u00a0\u00bbPopup &#8211; #streaming\u00a0\u00bb module_id=\u00a0\u00bbstreaming\u00a0\u00bb module_class=\u00a0\u00bbpopup\u00a0\u00bb _builder_version=\u00a0\u00bb4.19.2&Prime; _module_preset=\u00a0\u00bbdefault\u00a0\u00bb background_color=\u00a0\u00bb#f7f4f0&Prime; da_is_popup=\u00a0\u00bbon\u00a0\u00bb da_popup_slug=\u00a0\u00bbstreaming\u00a0\u00bb da_disable_devices=\u00a0\u00bboff|off|off\u00a0\u00bb global_colors_info=\u00a0\u00bb{}\u00a0\u00bb da_exit_intent=\u00a0\u00bboff\u00a0\u00bb da_has_close=\u00a0\u00bbon\u00a0\u00bb da_alt_close=\u00a0\u00bboff\u00a0\u00bb da_dark_close=\u00a0\u00bboff\u00a0\u00bb da_not_modal=\u00a0\u00bbon\u00a0\u00bb da_is_singular=\u00a0\u00bboff\u00a0\u00bb da_with_loader=\u00a0\u00bboff\u00a0\u00bb da_has_shadow=\u00a0\u00bbon\u00a0\u00bb][et_pb_row column_structure=\u00a0\u00bb1_4,1_4,1_4,1_4&Prime; _builder_version=\u00a0\u00bb4.19.2&Prime; _module_preset=\u00a0\u00bbdefault\u00a0\u00bb global_colors_info=\u00a0\u00bb{}\u00a0\u00bb][et_pb_column type=\u00a0\u00bb1_4&Prime; _builder_version=\u00a0\u00bb4.19.2&Prime; _module_preset=\u00a0\u00bbdefault\u00a0\u00bb global_colors_info=\u00a0\u00bb{}\u00a0\u00bb][et_pb_button button_url=\u00a0\u00bbhttps:\/\/deezer.page.link\/1nDnBRCekZrntuEc8&Prime; url_new_window=\u00a0\u00bbon\u00a0\u00bb button_text=\u00a0\u00bbDeezer\u00a0\u00bb button_alignment=\u00a0\u00bbcenter\u00a0\u00bb _builder_version=\u00a0\u00bb4.19.2&Prime; _module_preset=\u00a0\u00bbdefault\u00a0\u00bb custom_button=\u00a0\u00bbon\u00a0\u00bb button_text_color=\u00a0\u00bb#000000&Prime; global_colors_info=\u00a0\u00bb{}\u00a0\u00bb][\/et_pb_button][\/et_pb_column][et_pb_column type=\u00a0\u00bb1_4&Prime; _builder_version=\u00a0\u00bb4.19.2&Prime; _module_preset=\u00a0\u00bbdefault\u00a0\u00bb global_colors_info=\u00a0\u00bb{}\u00a0\u00bb][et_pb_button button_url=\u00a0\u00bbhttps:\/\/open.spotify.com\/album\/5Ks4ztpuTjzsiAkRCsvVzO?si=4FikVvhPQH25lf8gAXQ46A\u00a0\u00bb url_new_window=\u00a0\u00bbon\u00a0\u00bb button_text=\u00a0\u00bbSpotify\u00a0\u00bb button_alignment=\u00a0\u00bbcenter\u00a0\u00bb _builder_version=\u00a0\u00bb4.19.2&Prime; _module_preset=\u00a0\u00bbdefault\u00a0\u00bb custom_button=\u00a0\u00bbon\u00a0\u00bb button_text_color=\u00a0\u00bb#000000&Prime; global_colors_info=\u00a0\u00bb{}\u00a0\u00bb][\/et_pb_button][\/et_pb_column][et_pb_column type=\u00a0\u00bb1_4&Prime; _builder_version=\u00a0\u00bb4.19.2&Prime; _module_preset=\u00a0\u00bbdefault\u00a0\u00bb global_colors_info=\u00a0\u00bb{}\u00a0\u00bb][et_pb_button button_url=\u00a0\u00bbhttps:\/\/music.apple.com\/la\/album\/heavenly-sweetness-sampler-2\/954238881&Prime; url_new_window=\u00a0\u00bbon\u00a0\u00bb button_text=\u00a0\u00bbApple Music\u00a0\u00bb button_alignment=\u00a0\u00bbcenter\u00a0\u00bb _builder_version=\u00a0\u00bb4.19.2&Prime; _module_preset=\u00a0\u00bbdefault\u00a0\u00bb custom_button=\u00a0\u00bbon\u00a0\u00bb button_text_color=\u00a0\u00bb#000000&Prime; global_colors_info=\u00a0\u00bb{}\u00a0\u00bb][\/et_pb_button][\/et_pb_column][et_pb_column type=\u00a0\u00bb1_4&Prime; _builder_version=\u00a0\u00bb4.19.2&Prime; _module_preset=\u00a0\u00bbdefault\u00a0\u00bb global_colors_info=\u00a0\u00bb{}\u00a0\u00bb][et_pb_button button_url=\u00a0\u00bbhttps:\/\/tidal.com\/browse\/track\/39480459&Prime; url_new_window=\u00a0\u00bbon\u00a0\u00bb button_text=\u00a0\u00bbTidal\u00a0\u00bb _builder_version=\u00a0\u00bb4.19.2&Prime; _module_preset=\u00a0\u00bbdefault\u00a0\u00bb custom_button=\u00a0\u00bbon\u00a0\u00bb button_text_color=\u00a0\u00bb#000000&Prime; global_colors_info=\u00a0\u00bb{}\u00a0\u00bb][\/et_pb_button][\/et_pb_column][\/et_pb_row][\/et_pb_section]<\/p>\n","protected":false},"excerpt":{"rendered":"<p>SAIR DE CENA 2014Mixage : Kevin PaulMastering : Bob Macc \u00e0 Subvert Central MasteringUn grand merci \u00e0 Karin Ramette pour avoir \u00e9crit les paroles en Portugais br\u00e9silien\u00a0!<\/p>\n","protected":false},"author":1,"featured_media":240,"comment_status":"closed","ping_status":"closed","template":"","meta":{"_et_pb_use_builder":"on","_et_pb_old_content":"","_et_gb_content_width":"","_monsterinsights_skip_tracking":false,"_monsterinsights_sitenote_active":false,"_monsterinsights_sitenote_note":"","_monsterinsights_sitenote_category":0,"footnotes":""},"project_category":[14],"project_tag":[],"class_list":["post-239","project","type-project","status-publish","has-post-thumbnail","hentry","project_category-singles"],"yoast_head":"<!-- This site is optimized with the Yoast SEO plugin v27.5 - https:\/\/yoast.com\/product\/yoast-seo-wordpress\/ -->\n<title>SAIR DE CENA - EMMANUEL T.<\/title>\n<meta name=\"robots\" content=\"index, follow, max-snippet:-1, max-image-preview:large, max-video-preview:-1\" \/>\n<link rel=\"canonical\" href=\"https:\/\/emmanuelnet.com\/fr\/project\/sair-de-cena\/\" \/>\n<meta property=\"og:locale\" content=\"fr_FR\" \/>\n<meta property=\"og:type\" content=\"article\" \/>\n<meta property=\"og:title\" content=\"SAIR DE CENA - EMMANUEL T.\" \/>\n<meta property=\"og:description\" content=\"SAIR DE CENA 2014Mixage : Kevin PaulMastering : Bob Macc \u00e0 Subvert Central MasteringUn grand merci \u00e0 Karin Ramette pour avoir \u00e9crit les paroles en Portugais br\u00e9silien\u00a0!\" \/>\n<meta property=\"og:url\" content=\"https:\/\/emmanuelnet.com\/fr\/project\/sair-de-cena\/\" \/>\n<meta property=\"og:site_name\" content=\"EMMANUEL T.\" \/>\n<meta property=\"article:modified_time\" content=\"2022-12-16T17:26:07+00:00\" \/>\n<meta property=\"og:image\" content=\"https:\/\/emmanuelnet.com\/fr\/wp-content\/uploads\/sites\/2\/2022\/12\/sair-de-cena-cover-e1671128697746.jpg\" \/>\n\t<meta property=\"og:image:width\" content=\"500\" \/>\n\t<meta property=\"og:image:height\" content=\"500\" \/>\n\t<meta property=\"og:image:type\" content=\"image\/jpeg\" \/>\n<meta name=\"twitter:card\" content=\"summary_large_image\" \/>\n<meta name=\"twitter:label1\" content=\"Dur\u00e9e de lecture estim\u00e9e\" \/>\n\t<meta name=\"twitter:data1\" content=\"2 minutes\" \/>\n<script type=\"application\/ld+json\" class=\"yoast-schema-graph\">{\"@context\":\"https:\\\/\\\/schema.org\",\"@graph\":[{\"@type\":\"WebPage\",\"@id\":\"https:\\\/\\\/emmanuelnet.com\\\/fr\\\/project\\\/sair-de-cena\\\/\",\"url\":\"https:\\\/\\\/emmanuelnet.com\\\/fr\\\/project\\\/sair-de-cena\\\/\",\"name\":\"SAIR DE CENA - EMMANUEL T.\",\"isPartOf\":{\"@id\":\"https:\\\/\\\/emmanuelnet.com\\\/fr\\\/#website\"},\"primaryImageOfPage\":{\"@id\":\"https:\\\/\\\/emmanuelnet.com\\\/fr\\\/project\\\/sair-de-cena\\\/#primaryimage\"},\"image\":{\"@id\":\"https:\\\/\\\/emmanuelnet.com\\\/fr\\\/project\\\/sair-de-cena\\\/#primaryimage\"},\"thumbnailUrl\":\"https:\\\/\\\/emmanuelnet.com\\\/fr\\\/wp-content\\\/uploads\\\/sites\\\/2\\\/2022\\\/12\\\/sair-de-cena-cover-e1671128697746.jpg\",\"datePublished\":\"2022-12-15T18:22:02+00:00\",\"dateModified\":\"2022-12-16T17:26:07+00:00\",\"breadcrumb\":{\"@id\":\"https:\\\/\\\/emmanuelnet.com\\\/fr\\\/project\\\/sair-de-cena\\\/#breadcrumb\"},\"inLanguage\":\"fr-FR\",\"potentialAction\":[{\"@type\":\"ReadAction\",\"target\":[\"https:\\\/\\\/emmanuelnet.com\\\/fr\\\/project\\\/sair-de-cena\\\/\"]}]},{\"@type\":\"ImageObject\",\"inLanguage\":\"fr-FR\",\"@id\":\"https:\\\/\\\/emmanuelnet.com\\\/fr\\\/project\\\/sair-de-cena\\\/#primaryimage\",\"url\":\"https:\\\/\\\/emmanuelnet.com\\\/fr\\\/wp-content\\\/uploads\\\/sites\\\/2\\\/2022\\\/12\\\/sair-de-cena-cover-e1671128697746.jpg\",\"contentUrl\":\"https:\\\/\\\/emmanuelnet.com\\\/fr\\\/wp-content\\\/uploads\\\/sites\\\/2\\\/2022\\\/12\\\/sair-de-cena-cover-e1671128697746.jpg\",\"width\":500,\"height\":500,\"caption\":\"Sair de cena_Emmanuel\"},{\"@type\":\"BreadcrumbList\",\"@id\":\"https:\\\/\\\/emmanuelnet.com\\\/fr\\\/project\\\/sair-de-cena\\\/#breadcrumb\",\"itemListElement\":[{\"@type\":\"ListItem\",\"position\":1,\"name\":\"Accueil\",\"item\":\"https:\\\/\\\/emmanuelnet.com\\\/fr\\\/\"},{\"@type\":\"ListItem\",\"position\":2,\"name\":\"Projets\",\"item\":\"https:\\\/\\\/emmanuelnet.com\\\/fr\\\/project\\\/\"},{\"@type\":\"ListItem\",\"position\":3,\"name\":\"SAIR DE CENA\"}]},{\"@type\":\"WebSite\",\"@id\":\"https:\\\/\\\/emmanuelnet.com\\\/fr\\\/#website\",\"url\":\"https:\\\/\\\/emmanuelnet.com\\\/fr\\\/\",\"name\":\"EMMANUEL T.\",\"description\":\"\",\"potentialAction\":[{\"@type\":\"SearchAction\",\"target\":{\"@type\":\"EntryPoint\",\"urlTemplate\":\"https:\\\/\\\/emmanuelnet.com\\\/fr\\\/?s={search_term_string}\"},\"query-input\":{\"@type\":\"PropertyValueSpecification\",\"valueRequired\":true,\"valueName\":\"search_term_string\"}}],\"inLanguage\":\"fr-FR\"}]}<\/script>\n<!-- \/ Yoast SEO plugin. -->","yoast_head_json":{"title":"SAIR DE CENA - EMMANUEL T.","robots":{"index":"index","follow":"follow","max-snippet":"max-snippet:-1","max-image-preview":"max-image-preview:large","max-video-preview":"max-video-preview:-1"},"canonical":"https:\/\/emmanuelnet.com\/fr\/project\/sair-de-cena\/","og_locale":"fr_FR","og_type":"article","og_title":"SAIR DE CENA - EMMANUEL T.","og_description":"SAIR DE CENA 2014Mixage : Kevin PaulMastering : Bob Macc \u00e0 Subvert Central MasteringUn grand merci \u00e0 Karin Ramette pour avoir \u00e9crit les paroles en Portugais br\u00e9silien\u00a0!","og_url":"https:\/\/emmanuelnet.com\/fr\/project\/sair-de-cena\/","og_site_name":"EMMANUEL T.","article_modified_time":"2022-12-16T17:26:07+00:00","og_image":[{"width":500,"height":500,"url":"https:\/\/emmanuelnet.com\/fr\/wp-content\/uploads\/sites\/2\/2022\/12\/sair-de-cena-cover-e1671128697746.jpg","type":"image\/jpeg"}],"twitter_card":"summary_large_image","twitter_misc":{"Dur\u00e9e de lecture estim\u00e9e":"2 minutes"},"schema":{"@context":"https:\/\/schema.org","@graph":[{"@type":"WebPage","@id":"https:\/\/emmanuelnet.com\/fr\/project\/sair-de-cena\/","url":"https:\/\/emmanuelnet.com\/fr\/project\/sair-de-cena\/","name":"SAIR DE CENA - EMMANUEL T.","isPartOf":{"@id":"https:\/\/emmanuelnet.com\/fr\/#website"},"primaryImageOfPage":{"@id":"https:\/\/emmanuelnet.com\/fr\/project\/sair-de-cena\/#primaryimage"},"image":{"@id":"https:\/\/emmanuelnet.com\/fr\/project\/sair-de-cena\/#primaryimage"},"thumbnailUrl":"https:\/\/emmanuelnet.com\/fr\/wp-content\/uploads\/sites\/2\/2022\/12\/sair-de-cena-cover-e1671128697746.jpg","datePublished":"2022-12-15T18:22:02+00:00","dateModified":"2022-12-16T17:26:07+00:00","breadcrumb":{"@id":"https:\/\/emmanuelnet.com\/fr\/project\/sair-de-cena\/#breadcrumb"},"inLanguage":"fr-FR","potentialAction":[{"@type":"ReadAction","target":["https:\/\/emmanuelnet.com\/fr\/project\/sair-de-cena\/"]}]},{"@type":"ImageObject","inLanguage":"fr-FR","@id":"https:\/\/emmanuelnet.com\/fr\/project\/sair-de-cena\/#primaryimage","url":"https:\/\/emmanuelnet.com\/fr\/wp-content\/uploads\/sites\/2\/2022\/12\/sair-de-cena-cover-e1671128697746.jpg","contentUrl":"https:\/\/emmanuelnet.com\/fr\/wp-content\/uploads\/sites\/2\/2022\/12\/sair-de-cena-cover-e1671128697746.jpg","width":500,"height":500,"caption":"Sair de cena_Emmanuel"},{"@type":"BreadcrumbList","@id":"https:\/\/emmanuelnet.com\/fr\/project\/sair-de-cena\/#breadcrumb","itemListElement":[{"@type":"ListItem","position":1,"name":"Accueil","item":"https:\/\/emmanuelnet.com\/fr\/"},{"@type":"ListItem","position":2,"name":"Projets","item":"https:\/\/emmanuelnet.com\/fr\/project\/"},{"@type":"ListItem","position":3,"name":"SAIR DE CENA"}]},{"@type":"WebSite","@id":"https:\/\/emmanuelnet.com\/fr\/#website","url":"https:\/\/emmanuelnet.com\/fr\/","name":"EMMANUEL T.","description":"","potentialAction":[{"@type":"SearchAction","target":{"@type":"EntryPoint","urlTemplate":"https:\/\/emmanuelnet.com\/fr\/?s={search_term_string}"},"query-input":{"@type":"PropertyValueSpecification","valueRequired":true,"valueName":"search_term_string"}}],"inLanguage":"fr-FR"}]}},"_links":{"self":[{"href":"https:\/\/emmanuelnet.com\/fr\/wp-json\/wp\/v2\/project\/239","targetHints":{"allow":["GET"]}}],"collection":[{"href":"https:\/\/emmanuelnet.com\/fr\/wp-json\/wp\/v2\/project"}],"about":[{"href":"https:\/\/emmanuelnet.com\/fr\/wp-json\/wp\/v2\/types\/project"}],"author":[{"embeddable":true,"href":"https:\/\/emmanuelnet.com\/fr\/wp-json\/wp\/v2\/users\/1"}],"replies":[{"embeddable":true,"href":"https:\/\/emmanuelnet.com\/fr\/wp-json\/wp\/v2\/comments?post=239"}],"version-history":[{"count":6,"href":"https:\/\/emmanuelnet.com\/fr\/wp-json\/wp\/v2\/project\/239\/revisions"}],"predecessor-version":[{"id":269,"href":"https:\/\/emmanuelnet.com\/fr\/wp-json\/wp\/v2\/project\/239\/revisions\/269"}],"wp:featuredmedia":[{"embeddable":true,"href":"https:\/\/emmanuelnet.com\/fr\/wp-json\/wp\/v2\/media\/240"}],"wp:attachment":[{"href":"https:\/\/emmanuelnet.com\/fr\/wp-json\/wp\/v2\/media?parent=239"}],"wp:term":[{"taxonomy":"project_category","embeddable":true,"href":"https:\/\/emmanuelnet.com\/fr\/wp-json\/wp\/v2\/project_category?post=239"},{"taxonomy":"project_tag","embeddable":true,"href":"https:\/\/emmanuelnet.com\/fr\/wp-json\/wp\/v2\/project_tag?post=239"}],"curies":[{"name":"wp","href":"https:\/\/api.w.org\/{rel}","templated":true}]}}